{"id":1148,"date":"2008-04-11T00:00:00","date_gmt":"2008-04-10T22:00:00","guid":{"rendered":"http:\/\/dev.cilsrbija.org\/sombor_aktivnosti_2\/"},"modified":"2008-04-11T00:00:00","modified_gmt":"2008-04-10T22:00:00","slug":"sombor_aktivnosti_2","status":"publish","type":"page","link":"https:\/\/www.cilsrbija.org\/en\/sombor_aktivnosti_2\/","title":{"rendered":"sombor_aktivnosti_2"},"content":{"rendered":"<p align=\"center\"><strong><font face=\"georgia,palatino\" size=\"2\">ODR\u017dANA REDOVNA GODI&Scaron;NJA SKUP&Scaron;TINA <\/font><\/strong><\/p>\n<p align=\"center\"><font face=\"georgia,palatino\" size=\"2\"><\/font><\/p>\n<p><font face=\"georgia,palatino\" size=\"2\">U Somboru je u utorak, 08.04 2008. u Gerontolo&scaron;kom centru, odr\u017eana redovna godi&scaron;nja Skup&scaron;tina somborske podru\u017enice Centra za samostalni zivot invalida Srbije. Skup&scaron;tinom je predsedavao Nikola Nikola&scaron;, predsednik podru\u017enice. <\/font><\/p>\n<p><font face=\"georgia,palatino\" size=\"2\">Na Skup&scaron;tini su usvojeni Izve&scaron;taj o radu za 2007. Finansijski izve&scaron;taj za 2007. i Plan programskih aktivnosti za 2008. godinu. Odlukom &#269;lanova Skup&scaron;tine u Upravni odbor podru\u017enice je, umesto \u017deljka Stri&#269;evi&#263;a, izabrana Julijana &#268;atalinac. <\/font><\/p>\n<p><font face=\"georgia,palatino\" size=\"2\">Podru\u017enica Centra u Somboru je reosnovana 2007. godine i radi na ostvarivanju ljudskih prava i potencijala osoba sa invaliditetom, promovisanju filozofije samostalnog \u017eivota osoba sa invaliditetom i stvaranju uslova za njenu primenu u Srbiji. <\/font><\/p>\n<p><font face=\"georgia,palatino\" size=\"2\">Sve podru\u017enice Centra okupljaju osobe sa razli&#269;itim vrstama invaliditeta okupljene oko ostvarivanja ovih ideja. <\/font><\/p>\n<p><font face=\"georgia,palatino\" size=\"2\">Sve informacije o radu Centra za samostalni \u017eivot invalida Srbije i njenih podru&scaron;nica mogu se na&#263;i na sajtu <\/font><a href=\"..\/\"><font face=\"georgia,palatino\" size=\"2\">http:\/\/www.cilsrbija.org\/<\/font><\/a><\/p>\n<p><font face=\"georgia,palatino\" size=\"2\"><\/font><\/p>\n<p align=\"right\"><strong><font face=\"georgia,palatino\" size=\"2\">Julijana &#268;atalinac<\/font><\/strong><\/p>\n<p align=\"left\"><strong><a href=\"\/en\/slike\/skupstina-1_sombor.jpg\/\" target=\"_blank\" rel=\"noopener\"><img loading=\"lazy\" decoding=\"async\" src=\"slike\/skupstina-1sombor.jpg\" border=\"0\" alt=\"godisnja skupstina \" width=\"200\" height=\"150\" \/><\/a><\/strong><\/p>","protected":false},"excerpt":{"rendered":"<p>ODR\u017dANA REDOVNA GODI&Scaron;NJA SKUP&Scaron;TINA U Somboru je u utorak, 08.04 2008. u Gerontolo&scaron;kom centru, odr\u017eana redovna godi&scaron;nja Skup&scaron;tina somborske podru\u017enice Centra za samostalni zivot invalida Srbije. Skup&scaron;tinom je predsedavao Nikola Nikola&scaron;, predsednik podru\u017enice. Na Skup&scaron;tini su usvojeni Izve&scaron;taj o radu za 2007. Finansijski izve&scaron;taj za 2007. i Plan programskih aktivnosti za 2008. godinu. Odlukom &#269;lanova [&hellip;]<\/p>","protected":false},"author":2,"featured_media":0,"parent":0,"menu_order":0,"comment_status":"closed","ping_status":"closed","template":"","meta":{"footnotes":""},"class_list":["post-1148","page","type-page","status-publish","hentry"],"_links":{"self":[{"href":"https:\/\/www.cilsrbija.org\/en\/wp-json\/wp\/v2\/pages\/1148","targetHints":{"allow":["GET"]}}],"collection":[{"href":"https:\/\/www.cilsrbija.org\/en\/wp-json\/wp\/v2\/pages"}],"about":[{"href":"https:\/\/www.cilsrbija.org\/en\/wp-json\/wp\/v2\/types\/page"}],"author":[{"embeddable":true,"href":"https:\/\/www.cilsrbija.org\/en\/wp-json\/wp\/v2\/users\/2"}],"replies":[{"embeddable":true,"href":"https:\/\/www.cilsrbija.org\/en\/wp-json\/wp\/v2\/comments?post=1148"}],"version-history":[{"count":0,"href":"https:\/\/www.cilsrbija.org\/en\/wp-json\/wp\/v2\/pages\/1148\/revisions"}],"wp:attachment":[{"href":"https:\/\/www.cilsrbija.org\/en\/wp-json\/wp\/v2\/media?parent=1148"}],"curies":[{"name":"wp","href":"https:\/\/api.w.org\/{rel}","templated":true}]}}