{"id":1104,"date":"2006-10-19T00:00:00","date_gmt":"2006-10-18T22:00:00","guid":{"rendered":"http:\/\/dev.cilsrbija.org\/edfcards\/"},"modified":"2006-10-19T00:00:00","modified_gmt":"2006-10-18T22:00:00","slug":"edfcards","status":"publish","type":"page","link":"https:\/\/www.cilsrbija.org\/en\/edfcards\/","title":{"rendered":"edfcards"},"content":{"rendered":"<p style=\"text-align: justify\" class=\"MsoNormal\"><strong><u><span style=\"font-size: 18pt\"><span><\/span><\/span><\/u><\/strong><br \/>Projekat &ldquo;Izgradnja kapaciteta Organizacija OSI&rdquo; je podr\u017eala Evropska Komisija za pro&scaron;irenje EU a finansira ga EU CARDS regionalni program 2003 za demokretsku stabilizaciju &ndash; razvoj lokalnog civilnog dru&scaron;tva. Projekat je po&#269;eo u martu 2005 i traja&#263;e do septembra 2006. <\/p>\n<p style=\"text-align: justify\" class=\"MsoNormal\">&nbsp;<\/p>\n<p style=\"text-align: justify\" class=\"MsoNormal\"><a name=\"OLE_LINK2\"><\/a>Projekat je namenjen nevladinim organizacijama koje se bave osobama sa invaliditetom, ja&#269;anju njihovih kapaciteta i unapredjenju kooperacije osnivanjem lokalnih i nacionalnih cross-disability saveta, kao i balkanske koordinacione strukture za nevladine organizacije u oblasti invalidnosti<\/p>\n<p>  <span><\/span>  <\/p>\n<p style=\"text-align: justify\" class=\"MsoNormal\">&nbsp;<\/p>\n<p style=\"text-align: justify\" class=\"MsoNormal\">CARDS zemlje obuhva&#263;ene ovim projektom su: <em>Albanija, Bosna i Hercegovina, Hrvatska, Makedonija i Srbija i Crna Gora.<span>&nbsp;&nbsp;&nbsp; <\/span><\/em><\/p>\n<p style=\"text-align: justify\" class=\"MsoNormal\"><em>&nbsp;<\/em><\/p>\n<p class=\"MsoNormal\"><strong>Specifi&#269;ni cilj projekta<\/strong> je ja&#269;anje kapaciteta nveladinih invalidskih organizacija u CARDS regionu, obezbedjuju&#263;i im podr&scaron;ku da bolje promovi&scaron;u prava i interese osoba sa invaliditetom i efikasno se bore protiv diskriminacije.<\/p>\n<p style=\"margin-left: 54pt; text-align: justify; text-indent: -54pt\" class=\"MsoNormal\"><strong><span>&nbsp;<\/span><\/strong><\/p>\n<p style=\"margin-left: 54pt; text-align: justify; text-indent: -54pt\" class=\"MsoNormal\"><strong><u><span>GLAVNE AKTIVNOSTI PROJEKTA<\/span><\/u><\/strong><\/p>\n<p style=\"text-align: justify\" class=\"MsoNormal\"><strong><span>&nbsp;<\/span><\/strong><\/p>\n<p style=\"margin-bottom: 8pt; text-align: justify\" class=\"MsoNormal\"><strong><span>1 Menad\u017ement projekta<\/span><\/strong><\/p>\n<p style=\"margin-bottom: 10pt; text-align: justify\" class=\"MsoNormal\"><span>Celokupna odgovornost za menad\u017ement projekta je pri EDFu, uz generalnu podr&scaron;ku i specifi&#269;ne zadatke partnera na projektu. Menad\u017eer projekta i sedam EU koordinatora su u regionu (koordinator za SCG je Gordana Rajkov iz Centra za samostalni \u017eivot invalida Srbije) i bi&#263;e odgovorni za svakodnevno pra&#263;enje primene projekta. U okviru ove aktivnosti su <em>sastanci Upravnog odbora, pripreme za program rada i izve&scaron;tavanje o projektu.<span><\/span><\/em><\/span><\/p>\n<p style=\"margin-bottom: 8pt; text-align: justify\" class=\"MsoNormal\"><strong><span>2 Posete zemljama u regionu<\/span><\/strong><\/p>\n<p style=\"margin-bottom: 10pt; text-align: justify\" class=\"MsoNormal\"><span>U prvoj fazi projekta EDF &#263;e sprovesti seriju detaljnih poseta svim zemljama u Regionu i sastanke sa relevantnim akterima u invalidskom pokretu i utvrditi prioritete. Cilj je kompletiranje &#269;injeni&#269;nog stanja u prva tri meseca projekta.<\/span><\/p>\n<p style=\"margin-bottom: 8pt; text-align: justify\" class=\"MsoNormal\"><strong><span>3 Rad na izgradnji kapaciteta<\/span><\/strong><\/p>\n<p style=\"margin-bottom: 10pt; text-align: justify\" class=\"MsoNormal\"><span>Osnova projekta je pove&#263;anje kapaciteta organizacija OSI. Ovaj aspekt projekta &#263;e stoga uzimati najvi&scaron;e projektnog vremena i sredstava. Kapaciteti organizacija OSI &#263;e se ja&#269;ati i kao rezultat treninga i informativnih aktivnosti projekta. <\/span><\/p>\n<p style=\"margin-bottom: 10pt; text-align: justify\" class=\"MsoNormal\"><span>Da bi se stvorilo okru\u017eenje u kojem &#263;e nevladine organizacije uspe&scaron;no promovisati prava i interese OSI, neophodno je unaprediti stepen kooperacije i partnerstva izmedju razli&#269;itih organizacija OSI.<\/span><\/p>\n<p style=\"margin-bottom: 10pt; text-align: justify\" class=\"MsoNormal\"><span>Mnoge sub-aktivnosti &#263;e se na&#263;i u ovoj oblasti kao &scaron;to su<em> cross-disability zadaci, stvaranje lokalnih i nacionalnih cross-disability saveta tamo gde ne postoje, ja&#269;anje postoje&#263;ih i stvaranje cross-disability koordinacione structure za nevladine organizacije OSI na nivou Balkana.<\/em><\/span><\/p>\n<p style=\"margin-bottom: 8pt; text-align: justify\" class=\"MsoNormal\"><strong><span>4 Treninzi<\/span><\/strong><\/p>\n<p style=\"margin-bottom: 6pt; text-align: justify\" class=\"MsoNormal\"><span>Treninzi su identifikovani na osnovu EDF iskustva sa situacijom u zemljama pristupnicama EU iz centralne i isto&#269;ne Evrope, kao dela EDF Phare projekta izgradnje kapaciteta. Treninzi &#263;e se organizovati na slede&#263;e teme:<\/span><\/p>\n<p style=\"margin-bottom: 6pt; text-align: justify\" class=\"MsoNormal\"><span>&#8211; koristi rada na diskriminaciji sa cross-disability perspektive<\/span><\/p>\n<p style=\"margin-bottom: 6pt; text-align: justify\" class=\"MsoNormal\"><span>&#8211; pristup invalidnosti po osnovu prava; EU, Savet Evrope UN antidiskriminatorni &#038; invalidski zakoni, konvencije I politike;<\/span><\/p>\n<p style=\"margin-bottom: 6pt; text-align: justify\" class=\"MsoNormal\"><span>&#8211; lobiranje i zastupni&#269;ke ve&scaron;tine, uklju&#269;uju&#263;i predstavljanje gradjanskog dijaloga;<\/span><\/p>\n<p style=\"margin-bottom: 6pt; text-align: justify\" class=\"MsoNormal\"><span>&#8211; medijske i komunikacijske ve&scaron;tine;<\/span><\/p>\n<p style=\"margin-bottom: 6pt; text-align: justify\" class=\"MsoNormal\"><span>&#8211; osnovne ve&scaron;tine menad\u017ementa za rad nevladinih organizacija, uklju&#269;uju&#263;i pitanja finansiranja i dugoro&#269;no planiranje razvoja nevladinog sektora.<\/span><\/p>\n<p style=\"margin-bottom: 8pt; text-align: justify\" class=\"MsoNormal\"><strong><span>5 Informacije<\/span><\/strong><\/p>\n<p style=\"margin-bottom: 10pt; text-align: justify\" class=\"MsoNormal\"><span>Va\u017ena komponenta projekta, koja je u tesnoj vezi sa uspe&scaron;nom izgradnjom kapaciteta i treningom, je obezbedjivanje informacija i dokumenata za predstavnike nevladinih organizacija. Detaljne informacije o pitanjima vezanim za rad cross-disability saveta u EU i zemljama pristupnicama bi&#263;e obezbedjene. U isto vreme organizacije OSI &#263;e dobiti informacije o EU zakonu, politici i procedurama dono&scaron;enja odluka, i dobroj medjunarodnoj praksi o invalidskim pitanjima, uklju&#269;uju&#263;i relevantne Savet Evrope i konvencije UN.<\/span><\/p>\n<p style=\"margin-bottom: 8pt; text-align: justify\" class=\"MsoNormal\"><strong><span>6 Dijalog i umre\u017eavanje (povezivanje)<\/span><\/strong><\/p>\n<p style=\"margin-bottom: 10pt; text-align: justify\" class=\"MsoNormal\"><span>Projekat &#263;e raditi na izgradnji mre\u017ee i dijaloga izmedju nevladinih organizacija na lokalnom nivou, izmedju nevladinih organizacija u zemlji; izmedju nevladinih organizacija razli&#269;itih CARDS zemalja; izmedju nevladinih organizacija u regionu i sli&#269;nih organizacija u zemljama &#269;lanicma EU i zemljama pristupnicama Unije. <\/span><\/p>\n<p style=\"margin-bottom: 8pt; text-align: justify\" class=\"MsoNormal\"><strong>7 Konferencije, seminari i studijske posete<\/strong><\/p>\n<p style=\"margin-bottom: 10pt; text-align: justify\" class=\"MsoNormal\">Brojne va\u017ene konferencije, seminari i studijske posete &#263;e biti deo projekta, usko vezani sa ostalim komponentama. One &#263;e se organizovati tako da obezbede trening za u&#269;esnike o prioritetima invalidske problematike.<\/p>\n<p style=\"margin-bottom: 10pt; text-align: justify\" class=\"MsoNormal\"><span>U medjuvremenu je odr<\/span><span>\u017eana Konferencija u Atini, 27. septembra 2005, u Beogradu 18. marta 2006 i seminar, takodje u Beogradu 9-10. maja 2006. Odr\u017eani su brojni konsultativni sastanci sa predstavnicim EDF-a i medjuresornih grupa u SCG.<em><\/em><\/span><\/p>\n<p style=\"margin-bottom: 10pt; text-align: justify\" class=\"MsoNormal\"><strong><u><span>O&#268;EKIVANI REZULTATI<\/span><\/u><\/strong><\/p>\n<p style=\"margin-bottom: 10pt; text-align: justify\" class=\"MsoNormal\">Impakt koji &#263;e projekat imati na organizacije OSI uklju&#269;uje:<\/p>\n<p style=\"margin-bottom: 10pt; text-align: justify\" class=\"MsoNormal\">&#8211; ja&#269;i i kohezivniji invalidski pokret, sastavljen od jakih lokalnih i nacionalnih organizacija OSI;<\/p>\n<p style=\"margin-bottom: 10pt; text-align: justify\" class=\"MsoNormal\">&#8211; ve&#263;e razumevanje pristupa invalidnosti zasnovanog na pravima i pove&#263;anje kapaciteta radi promocije aktivnosti zasnovanih na tom pristupu;<\/p>\n<p style=\"margin-bottom: 10pt; text-align: justify\" class=\"MsoNormal\">&#8211; ve&#263;e razumevanje medjunarodnih instrumenata o ljudskim pravima (npr. Savet Evrope, Ujedinjene nacije) koji &scaron;tite OSI i kako ih koristiti;<\/p>\n<p style=\"margin-bottom: 10pt; text-align: justify\" class=\"MsoNormal\">&#8211; ve&#263;e razumevanje op&scaron;teg zakonodavstva Evropske Unije i politike na polju invalidnosti i bolje razumevanje njihovog uticaja i koristi;<\/p>\n<p style=\"margin-bottom: 10pt; text-align: justify\" class=\"MsoNormal\">&#8211; bolje razumevanje specifi&#269;nog zakonodavstva Evropske Unije, kao &scaron;to je &#269;lan 13 koji promovi&scaron;e antidiskriminativne mere, Direktivu o zapo&scaron;ljavanju i sl.;<\/p>\n<p style=\"margin-bottom: 10pt; text-align: justify\" class=\"MsoNormal\">&#8211; sticanje orudja i ve&scaron;tina pra&#263;enja i izve&scaron;tavanja o kr&scaron;enju ljudskih prava sa kojima se suo&#269;avaju OSI;<\/p>\n<p style=\"margin-bottom: 10pt; text-align: justify\" class=\"MsoNormal\">&#8211; bolji zastupni&#269;ki rad, lobiranje i medijskko\/komunikacijske ve&scaron;tine;<\/p>\n<p style=\"margin-bottom: 10pt; text-align: justify\" class=\"MsoNormal\">&#8211; vlasti priznaju OSI i njihove organizacije kao klju&#269;ne aktere, a strukturisane konsultacije sa predstavnicima organizacija OSI postaju uobi&#269;ajena praksa;<\/p>\n<p style=\"margin-bottom: 10pt; text-align: justify\" class=\"MsoNormal\">&#8211; ve&#263;a sposobnost sticanja novih saveznika i zainteresovanih strana, podsticanje njihovih interesa i podr&scaron;ka u invalidskim pitanjima;<\/p>\n<p style=\"margin-bottom: 10pt; text-align: justify\" class=\"MsoNormal\">&#8211; pove&#263;ana svest o potrebama marginalizovanih grupa OSI (npr. \u017eena, osoba sa vi&scaron;estrukim ili te&scaron;kim o&scaron;te&#263;enjima, OSI iz etni&#269;kih\/nacionalnih manjina) i ve&#263;a sposobnost razvoja i promocije politike koja se bavi njihovih potrebama i zahtevima;<\/p>\n<p style=\"margin-bottom: 10pt; text-align: justify\" class=\"MsoNormal\">&#8211; upoznavanje sa na&#269;inom kako organizacije OSI u drugim zemljama u tranziciji funkcioni&scaron;u efikasno uz prili&#269;no malom finansijskom podr&scaron;kom;<\/p>\n<p style=\"margin-bottom: 10pt; text-align: justify\" class=\"MsoNormal\">&#8211; ve&#263;a svest o regionalnom invalidskom pokretu, njegovim promenama i mogu&#263;nostima sa kojima se suo&#269;ava i kako ih najbolje iskoristiti.<\/p>\n<p style=\"margin-bottom: 10pt; text-align: justify\" class=\"MsoNormal\">Sve u svemu, kao rezultat projekta organizacije OSI &#263;e pove&#263;ati razumevanje pristupa invalidnosti zasnovanog na pravima i pove&#263;ati kapacitete da bi promovisali politike zasnovane na ovom pristupu. U ovom smislu, Madridska Deklaracija, politi&#269;ki dokument kojeg je EDF promovisao u 2003. Evropskoj godini OSI, bi&#263;e klju&#269;ni vode&#263;i document.<\/p>\n<p style=\"margin-bottom: 10pt; text-align: justify\" class=\"MsoNormal\"><em><u>Razvoj zakona i politike u oblasti invalidnosti<\/u><\/em><\/p>\n<p style=\"margin-bottom: 10pt; text-align: justify\" class=\"MsoNormal\">Glavni politi&#269;ki rezultat projekta treba da bude poja&#269;an pritisak u svakoj zemlji za usvajanje sveobuhvatnog antidiskriminatornog zakonodavstva na polju invalidnosti, u skladu sa najboljom medjunarodnom praksom i standardima. <\/p>\n<p style=\"margin-bottom: 10pt; text-align: justify\" class=\"MsoNormal\">Pove&#263;anje politi&#269;kih i zastupni&#269;kih ve&scaron;tina organizacija OSI i promocija jedinstva invalidskog pokreta u kampanji za antidiskriminatorno zakonodavstvo je klju&#269;ni o&#269;ekivani rezultat projekta.<\/p>\n<p style=\"margin-bottom: 10pt; text-align: justify\" class=\"MsoNormal\"><em><u>Ja&#269;anje civilnog dru&scaron;tva<\/u><\/em><\/p>\n<p style=\"margin-bottom: 10pt; text-align: justify\" class=\"MsoNormal\">U ja&#269;anju kapaciteta organizacija OSI, projekat &#263;e imati direktan impakt ja&#269;anjem gradjanskog dru&scaron;tva na lokalnom i nacionalnom nivou u regionu.<\/p>\n<p style=\"margin-bottom: 10pt; text-align: justify\" class=\"MsoNormal\"><em><u>Invalidske mre\u017ee na lokalnom, nacionalnom i medjunarodnom (Evropskom) nivou<\/u><\/em><\/p>\n<p style=\"margin-bottom: 10pt; text-align: justify\" class=\"MsoNormal\">Stvaranjem cross-disability saveta na lokalnom, nacionalnom i regionalnom nivou, organizacije OSI &#263;e biti u stanju da ostvare kontakte sa sli&#269;nim organizacijama u regionu i zemlji, kao i susednim zemljama.<\/p>\n<p style=\"margin-bottom: 10pt; text-align: justify\" class=\"MsoNormal\"><em><u>Podizanje javne svesti o invalidnosti<\/u><\/em><\/p>\n<p style=\"margin-bottom: 10pt; text-align: justify\" class=\"MsoNormal\">Uloga partnera u projektu &#263;e odredjivati stepen liderstva I odgovornosti koji treba da doka\u017eu njhov razvoj kao nevladinih organizacija I njihovog stava prema ostalim stranama, posebno vlastima u njihovim zemljama.<\/p>","protected":false},"excerpt":{"rendered":"<p>Projekat &ldquo;Izgradnja kapaciteta Organizacija OSI&rdquo; je podr\u017eala Evropska Komisija za pro&scaron;irenje EU a finansira ga EU CARDS regionalni program 2003 za demokretsku stabilizaciju &ndash; razvoj lokalnog civilnog dru&scaron;tva. Projekat je po&#269;eo u martu 2005 i traja&#263;e do septembra 2006. &nbsp; Projekat je namenjen nevladinim organizacijama koje se bave osobama sa invaliditetom, ja&#269;anju njihovih kapaciteta i [&hellip;]<\/p>","protected":false},"author":2,"featured_media":0,"parent":0,"menu_order":0,"comment_status":"closed","ping_status":"closed","template":"","meta":{"footnotes":""},"class_list":["post-1104","page","type-page","status-publish","hentry"],"_links":{"self":[{"href":"https:\/\/www.cilsrbija.org\/en\/wp-json\/wp\/v2\/pages\/1104","targetHints":{"allow":["GET"]}}],"collection":[{"href":"https:\/\/www.cilsrbija.org\/en\/wp-json\/wp\/v2\/pages"}],"about":[{"href":"https:\/\/www.cilsrbija.org\/en\/wp-json\/wp\/v2\/types\/page"}],"author":[{"embeddable":true,"href":"https:\/\/www.cilsrbija.org\/en\/wp-json\/wp\/v2\/users\/2"}],"replies":[{"embeddable":true,"href":"https:\/\/www.cilsrbija.org\/en\/wp-json\/wp\/v2\/comments?post=1104"}],"version-history":[{"count":0,"href":"https:\/\/www.cilsrbija.org\/en\/wp-json\/wp\/v2\/pages\/1104\/revisions"}],"wp:attachment":[{"href":"https:\/\/www.cilsrbija.org\/en\/wp-json\/wp\/v2\/media?parent=1104"}],"curies":[{"name":"wp","href":"https:\/\/api.w.org\/{rel}","templated":true}]}}